{"id":16008,"date":"2024-09-26T12:46:20","date_gmt":"2024-09-26T12:46:20","guid":{"rendered":"https:\/\/schaffry.de\/?page_id=16008"},"modified":"2026-03-14T10:14:12","modified_gmt":"2026-03-14T10:14:12","slug":"preise-2026","status":"publish","type":"page","link":"https:\/\/schaffry.de\/it\/preise-2026\/","title":{"rendered":"Preise 2026"},"content":{"rendered":"\t\t<div data-elementor-type=\"wp-page\" data-elementor-id=\"16008\" class=\"elementor elementor-16008\">\n\t\t\t\t\t\t<section class=\"elementor-section elementor-top-section elementor-element elementor-element-dc02584 elementor-section-full_width elementor-section-height-default elementor-section-height-default\" data-id=\"dc02584\" data-element_type=\"section\" data-e-type=\"section\">\n\t\t\t\t\t\t<div class=\"elementor-container elementor-column-gap-no\">\n\t\t\t\t\t<div class=\"elementor-column elementor-col-100 elementor-top-column elementor-element elementor-element-093ce56\" data-id=\"093ce56\" data-element_type=\"column\" data-e-type=\"column\">\n\t\t\t<div class=\"elementor-widget-wrap elementor-element-populated\">\n\t\t\t\t\t\t<div class=\"elementor-element elementor-element-1efcbe3 elementor-widget elementor-widget-image\" data-id=\"1efcbe3\" data-element_type=\"widget\" data-e-type=\"widget\" data-widget_type=\"image.default\">\n\t\t\t\t<div class=\"elementor-widget-container\">\n\t\t\t\t\t\t\t\t\t\t\t\t\t\t\t<img fetchpriority=\"high\" decoding=\"async\" width=\"2500\" height=\"1667\" src=\"https:\/\/schaffry.de\/wp-content\/uploads\/2024\/09\/hochzeitsfotograf-terassenhof.jpg\" class=\"attachment-full size-full wp-image-15637\" alt=\"Fotograf im Tegernseer Tal f\u00fcr Hochzeiten\" srcset=\"https:\/\/schaffry.de\/wp-content\/uploads\/2024\/09\/hochzeitsfotograf-terassenhof.jpg 2500w, https:\/\/schaffry.de\/wp-content\/uploads\/2024\/09\/hochzeitsfotograf-terassenhof-300x200.jpg 300w, https:\/\/schaffry.de\/wp-content\/uploads\/2024\/09\/hochzeitsfotograf-terassenhof-1024x683.jpg 1024w, https:\/\/schaffry.de\/wp-content\/uploads\/2024\/09\/hochzeitsfotograf-terassenhof-768x512.jpg 768w, https:\/\/schaffry.de\/wp-content\/uploads\/2024\/09\/hochzeitsfotograf-terassenhof-1536x1024.jpg 1536w, https:\/\/schaffry.de\/wp-content\/uploads\/2024\/09\/hochzeitsfotograf-terassenhof-2048x1366.jpg 2048w, https:\/\/schaffry.de\/wp-content\/uploads\/2024\/09\/hochzeitsfotograf-terassenhof-1400x934.jpg 1400w, https:\/\/schaffry.de\/wp-content\/uploads\/2024\/09\/hochzeitsfotograf-terassenhof-800x533.jpg 800w\" sizes=\"(max-width: 2500px) 100vw, 2500px\" \/>\t\t\t\t\t\t\t\t\t\t\t\t\t\t\t<\/div>\n\t\t\t\t<\/div>\n\t\t\t\t\t<\/div>\n\t\t<\/div>\n\t\t\t\t\t<\/div>\n\t\t<\/section>\n\t\t\t\t<section class=\"elementor-section elementor-top-section elementor-element elementor-element-da9ee23 elementor-section-content-middle elementor-section-boxed elementor-section-height-default elementor-section-height-default\" data-id=\"da9ee23\" data-element_type=\"section\" data-e-type=\"section\">\n\t\t\t\t\t\t<div class=\"elementor-container elementor-column-gap-no\">\n\t\t\t\t\t<div class=\"elementor-column elementor-col-100 elementor-top-column elementor-element elementor-element-d7a66a8\" data-id=\"d7a66a8\" data-element_type=\"column\" data-e-type=\"column\">\n\t\t\t<div class=\"elementor-widget-wrap elementor-element-populated\">\n\t\t\t\t\t\t<div class=\"elementor-element elementor-element-de6a939 elementor-widget elementor-widget-heading\" data-id=\"de6a939\" data-element_type=\"widget\" data-e-type=\"widget\" data-widget_type=\"heading.default\">\n\t\t\t\t<div class=\"elementor-widget-container\">\n\t\t\t\t\t<h4 class=\"elementor-heading-title elementor-size-default\">Preise 2025<\/h4>\t\t\t\t<\/div>\n\t\t\t\t<\/div>\n\t\t\t\t<div class=\"elementor-element elementor-element-438d1192 elementor-widget elementor-widget-heading\" data-id=\"438d1192\" data-element_type=\"widget\" data-e-type=\"widget\" data-widget_type=\"heading.default\">\n\t\t\t\t<div class=\"elementor-widget-container\">\n\t\t\t\t\t<h3 class=\"elementor-heading-title elementor-size-default\">Hochzeiten<\/h3>\t\t\t\t<\/div>\n\t\t\t\t<\/div>\n\t\t\t\t<section class=\"elementor-section elementor-inner-section elementor-element elementor-element-37f8b3e elementor-section-boxed elementor-section-height-default elementor-section-height-default\" data-id=\"37f8b3e\" data-element_type=\"section\" data-e-type=\"section\">\n\t\t\t\t\t\t<div class=\"elementor-container elementor-column-gap-default\">\n\t\t\t\t\t<div class=\"elementor-column elementor-col-33 elementor-inner-column elementor-element elementor-element-6598da22\" data-id=\"6598da22\" data-element_type=\"column\" data-e-type=\"column\" data-settings=\"{&quot;background_background&quot;:&quot;classic&quot;}\">\n\t\t\t<div class=\"elementor-widget-wrap elementor-element-populated\">\n\t\t\t\t\t\t<div class=\"elementor-element elementor-element-1d17230 featured-pricing-no elementor-widget elementor-widget-pricing-services\" data-id=\"1d17230\" data-element_type=\"widget\" data-e-type=\"widget\" data-widget_type=\"pricing-services.default\">\n\t\t\t\t<div class=\"elementor-widget-container\">\n\t\t\t\t\t<div class=\"pricing-table pricing-table-service clearfix\"><div class=\"pricing-column-target column1 \"><div class=\"pricing-column-type-1 pricing-column\"><div class=\"pricing-header\"><div class=\"pricing-title\"><h2>2 Stunden<\/h2><\/div><div class=\"pricing-section\"><div class=\"pricing-wrap\"><div class=\"pricing-cell\"><span class=\"pricing-currency\">\u20ac<\/span>1050<span class=\"pricing-suffix\"><\/span><\/div><div class=\"pricing-duration\"><\/div><\/div><\/div><\/div><ul><li class=\"pricing-service\"><p>Jede weitere Stunde Fotografie vor Ort \u20ac 350,00 (inkl.MwSt.)<\/p>\n<\/li> <\/ul><div class=\"pricing-button-wrap\"><\/div><\/div><\/div><\/div>\t\t\t\t<\/div>\n\t\t\t\t<\/div>\n\t\t\t\t\t<\/div>\n\t\t<\/div>\n\t\t\t\t<div class=\"elementor-column elementor-col-33 elementor-inner-column elementor-element elementor-element-ab5961a\" data-id=\"ab5961a\" data-element_type=\"column\" data-e-type=\"column\" data-settings=\"{&quot;background_background&quot;:&quot;classic&quot;}\">\n\t\t\t<div class=\"elementor-widget-wrap elementor-element-populated\">\n\t\t\t\t\t\t<div class=\"elementor-element elementor-element-b48dc37 featured-pricing-no elementor-widget elementor-widget-pricing-services\" data-id=\"b48dc37\" data-element_type=\"widget\" data-e-type=\"widget\" data-widget_type=\"pricing-services.default\">\n\t\t\t\t<div class=\"elementor-widget-container\">\n\t\t\t\t\t<div class=\"pricing-table pricing-table-service clearfix\"><div class=\"pricing-column-target column1 \"><div class=\"pricing-column-type-1 pricing-column\"><div class=\"pricing-header\"><div class=\"pricing-title\"><h2>4 Stunden<\/h2><\/div><div class=\"pricing-section\"><div class=\"pricing-wrap\"><div class=\"pricing-cell\"><span class=\"pricing-currency\">\u20ac<\/span>1750<span class=\"pricing-suffix\"><\/span><\/div><div class=\"pricing-duration\"><\/div><\/div><\/div><\/div><ul><li class=\"pricing-service\"><p>Jede weitere Stunde Fotografie vor Ort \u20ac 300,00 (inkl.MwSt.)<\/p>\n<\/li> <\/ul><div class=\"pricing-button-wrap\"><\/div><\/div><\/div><\/div>\t\t\t\t<\/div>\n\t\t\t\t<\/div>\n\t\t\t\t\t<\/div>\n\t\t<\/div>\n\t\t\t\t<div class=\"elementor-column elementor-col-33 elementor-inner-column elementor-element elementor-element-7f83649\" data-id=\"7f83649\" data-element_type=\"column\" data-e-type=\"column\" data-settings=\"{&quot;background_background&quot;:&quot;classic&quot;}\">\n\t\t\t<div class=\"elementor-widget-wrap elementor-element-populated\">\n\t\t\t\t\t\t<div class=\"elementor-element elementor-element-b2a8459 featured-pricing-no elementor-widget elementor-widget-pricing-services\" data-id=\"b2a8459\" data-element_type=\"widget\" data-e-type=\"widget\" data-widget_type=\"pricing-services.default\">\n\t\t\t\t<div class=\"elementor-widget-container\">\n\t\t\t\t\t<div class=\"pricing-table pricing-table-service clearfix\"><div class=\"pricing-column-target column1 \"><div class=\"pricing-column-type-1 pricing-column\"><div class=\"pricing-header\"><div class=\"pricing-title\"><h2>6 Stunden<\/h2><\/div><div class=\"pricing-section\"><div class=\"pricing-wrap\"><div class=\"pricing-cell\"><span class=\"pricing-currency\">\u20ac<\/span>2350<span class=\"pricing-suffix\"><\/span><\/div><div class=\"pricing-duration\"><\/div><\/div><\/div><\/div><ul><li class=\"pricing-service\"><p>Jede weitere Stunde Fotografie vor Ort \u20ac 300,00 (inkl.MwSt.)<\/p>\n<\/li> <\/ul><div class=\"pricing-button-wrap\"><\/div><\/div><\/div><\/div>\t\t\t\t<\/div>\n\t\t\t\t<\/div>\n\t\t\t\t\t<\/div>\n\t\t<\/div>\n\t\t\t\t\t<\/div>\n\t\t<\/section>\n\t\t\t\t\t<\/div>\n\t\t<\/div>\n\t\t\t\t\t<\/div>\n\t\t<\/section>\n\t\t\t\t<section class=\"elementor-section elementor-top-section elementor-element elementor-element-49d9f51 elementor-section-boxed elementor-section-height-default elementor-section-height-default\" data-id=\"49d9f51\" data-element_type=\"section\" data-e-type=\"section\">\n\t\t\t\t\t\t<div class=\"elementor-container elementor-column-gap-default\">\n\t\t\t\t\t<div class=\"elementor-column elementor-col-50 elementor-top-column elementor-element elementor-element-ae44c59\" data-id=\"ae44c59\" data-element_type=\"column\" data-e-type=\"column\">\n\t\t\t<div class=\"elementor-widget-wrap elementor-element-populated\">\n\t\t\t\t\t\t<div class=\"elementor-element elementor-element-d942a2d elementor-widget elementor-widget-image\" data-id=\"d942a2d\" data-element_type=\"widget\" data-e-type=\"widget\" data-widget_type=\"image.default\">\n\t\t\t\t<div class=\"elementor-widget-container\">\n\t\t\t\t\t\t\t\t\t\t\t\t\t\t\t<img decoding=\"async\" width=\"960\" height=\"639\" src=\"https:\/\/schaffry.de\/wp-content\/uploads\/2024\/09\/hochzeitsfotograf-das-tegernsee-597-1024x682.jpg\" class=\"attachment-large size-large wp-image-15636\" alt=\"Hochzeitsfotograf im Tegernseer Tal\" srcset=\"https:\/\/schaffry.de\/wp-content\/uploads\/2024\/09\/hochzeitsfotograf-das-tegernsee-597-1024x682.jpg 1024w, https:\/\/schaffry.de\/wp-content\/uploads\/2024\/09\/hochzeitsfotograf-das-tegernsee-597-300x200.jpg 300w, https:\/\/schaffry.de\/wp-content\/uploads\/2024\/09\/hochzeitsfotograf-das-tegernsee-597-768x512.jpg 768w, https:\/\/schaffry.de\/wp-content\/uploads\/2024\/09\/hochzeitsfotograf-das-tegernsee-597-1536x1024.jpg 1536w, https:\/\/schaffry.de\/wp-content\/uploads\/2024\/09\/hochzeitsfotograf-das-tegernsee-597-1400x933.jpg 1400w, https:\/\/schaffry.de\/wp-content\/uploads\/2024\/09\/hochzeitsfotograf-das-tegernsee-597-800x533.jpg 800w, https:\/\/schaffry.de\/wp-content\/uploads\/2024\/09\/hochzeitsfotograf-das-tegernsee-597.jpg 1700w\" sizes=\"(max-width: 960px) 100vw, 960px\" \/>\t\t\t\t\t\t\t\t\t\t\t\t\t\t\t<\/div>\n\t\t\t\t<\/div>\n\t\t\t\t\t<\/div>\n\t\t<\/div>\n\t\t\t\t<div class=\"elementor-column elementor-col-50 elementor-top-column elementor-element elementor-element-8b5a1a6\" data-id=\"8b5a1a6\" data-element_type=\"column\" data-e-type=\"column\">\n\t\t\t<div class=\"elementor-widget-wrap elementor-element-populated\">\n\t\t\t\t\t\t<div class=\"elementor-element elementor-element-6eca07b elementor-widget elementor-widget-image\" data-id=\"6eca07b\" data-element_type=\"widget\" data-e-type=\"widget\" data-widget_type=\"image.default\">\n\t\t\t\t<div class=\"elementor-widget-container\">\n\t\t\t\t\t\t\t\t\t\t\t\t\t\t\t<img decoding=\"async\" width=\"960\" height=\"640\" src=\"https:\/\/schaffry.de\/wp-content\/uploads\/2024\/09\/hochzeitsfotograf-gardasee-1024x683.jpg\" class=\"attachment-large size-large wp-image-15866\" alt=\"\" srcset=\"https:\/\/schaffry.de\/wp-content\/uploads\/2024\/09\/hochzeitsfotograf-gardasee-1024x683.jpg 1024w, https:\/\/schaffry.de\/wp-content\/uploads\/2024\/09\/hochzeitsfotograf-gardasee-300x200.jpg 300w, https:\/\/schaffry.de\/wp-content\/uploads\/2024\/09\/hochzeitsfotograf-gardasee-768x512.jpg 768w, https:\/\/schaffry.de\/wp-content\/uploads\/2024\/09\/hochzeitsfotograf-gardasee-1536x1024.jpg 1536w, https:\/\/schaffry.de\/wp-content\/uploads\/2024\/09\/hochzeitsfotograf-gardasee-2048x1365.jpg 2048w, https:\/\/schaffry.de\/wp-content\/uploads\/2024\/09\/hochzeitsfotograf-gardasee-1400x933.jpg 1400w, https:\/\/schaffry.de\/wp-content\/uploads\/2024\/09\/hochzeitsfotograf-gardasee-800x533.jpg 800w\" sizes=\"(max-width: 960px) 100vw, 960px\" \/>\t\t\t\t\t\t\t\t\t\t\t\t\t\t\t<\/div>\n\t\t\t\t<\/div>\n\t\t\t\t\t<\/div>\n\t\t<\/div>\n\t\t\t\t\t<\/div>\n\t\t<\/section>\n\t\t\t\t<section class=\"elementor-section elementor-top-section elementor-element elementor-element-a7918e3 elementor-section-boxed elementor-section-height-default elementor-section-height-default\" data-id=\"a7918e3\" data-element_type=\"section\" data-e-type=\"section\">\n\t\t\t\t\t\t<div class=\"elementor-container elementor-column-gap-default\">\n\t\t\t\t\t<div class=\"elementor-column elementor-col-100 elementor-top-column elementor-element elementor-element-549ce23\" data-id=\"549ce23\" data-element_type=\"column\" data-e-type=\"column\">\n\t\t\t<div class=\"elementor-widget-wrap elementor-element-populated\">\n\t\t\t\t\t\t<div class=\"elementor-element elementor-element-c8cff31 elementor-widget elementor-widget-text-editor\" data-id=\"c8cff31\" data-element_type=\"widget\" data-e-type=\"widget\" data-widget_type=\"text-editor.default\">\n\t\t\t\t<div class=\"elementor-widget-container\">\n\t\t\t\t\t\t\t\t\t<p>Alle Preise beinhalten folgende Leistungen:<\/p><p><strong>Meine Leistung vor Ort. Die angegebenen Zeiten sind effektive Arbeitszeiten.<\/strong><\/p><p><strong>Alle Bilder werden von mir pers\u00f6nlich ausgew\u00e4hlt und bearbeitet. Ich lege sehr viel Wert auf die Nachbearbeitung der Fotos, denn sie ist das Kernst\u00fcck der k\u00fcnstlerischen Leistung in der Postproduktion. Genau hier definiert sich der Look eines Fotos. In meinem Workflow ist das ein gro\u00dfer Zeitfaktor, da jedes ausgew\u00e4hlte Foto einzeln bearbeitet wird, d.h. ich verwende keinen Filter, der \u00fcber alle Bilder l\u00e4uft. Bei einer fotografischen Begleitung von 6 Stunden entstehen ca. 350 aufwendig bearbeitete Bilder in Farbe oder Schwarzwei\u00df.<\/strong><\/p><p><strong>Ihr erhaltet die ausgew\u00e4hlten und bearbeiteten Bilder in h\u00f6chster Aufl\u00f6sung im JPG-Format zur eigenen Weiterverwendung (private, einfache Nutzungsrechte). Geliefert werden Eure Bilder auf einem USB-Stick in einer sehr sch\u00f6nen, gravierten Holzbox, mit einer Anzahl von Abz\u00fcgen. Je nach Buchungsdauer sind dies zwischen 30 und 60 Abz\u00fcgen.<\/strong><\/p><p><strong>Bevor die Fotos verschickt werden, erstelle ich f\u00fcr Euch und Eure G\u00e4ste eine passwortgesch\u00fctzte Online-Galerie von Eurem Hochzeitstag.<\/strong><\/p><p><strong>F\u00fcr &#8220;Destination&#8221; Weddings berechne ich einen Fixpreis. Dazu ben\u00f6tige ich zus\u00e4tzliche Informationen \u00fcber den Ort, Ablauf, Dauer etc&#8230; Das besprechen wir am besten vorab telefonisch. Preisbasis sind auch hier die oben genannten Pakete.<\/strong><\/p><p><strong>Die gesetzliche Mehrwertsteuer von derzeit 19% ist in allen Preisen bereits inkludiert.<\/strong><\/p><p>Zahlungsmodalit\u00e4ten:<\/p><p><strong>Nach Auftragserteilung erhaltet Ihr eine Auftragsbest\u00e4tigung mit einem Anzahlungsbetrag. Somit ist der Tag f\u00fcr Euch reserviert. Die Restbetrag ist nach Eurer Hochzeit zu leisten.<\/strong><\/p>\t\t\t\t\t\t\t\t<\/div>\n\t\t\t\t<\/div>\n\t\t\t\t\t<\/div>\n\t\t<\/div>\n\t\t\t\t\t<\/div>\n\t\t<\/section>\n\t\t\t\t<section class=\"elementor-section elementor-top-section elementor-element elementor-element-488fe8f elementor-section-boxed elementor-section-height-default elementor-section-height-default\" data-id=\"488fe8f\" data-element_type=\"section\" data-e-type=\"section\">\n\t\t\t\t\t\t<div class=\"elementor-container elementor-column-gap-default\">\n\t\t\t\t\t<div class=\"elementor-column elementor-col-100 elementor-top-column elementor-element elementor-element-87d5737\" data-id=\"87d5737\" data-element_type=\"column\" data-e-type=\"column\">\n\t\t\t<div class=\"elementor-widget-wrap elementor-element-populated\">\n\t\t\t\t\t\t<div class=\"elementor-element elementor-element-c6d11c8 elementor-widget elementor-widget-spacer\" data-id=\"c6d11c8\" data-element_type=\"widget\" data-e-type=\"widget\" data-widget_type=\"spacer.default\">\n\t\t\t\t<div class=\"elementor-widget-container\">\n\t\t\t\t\t\t\t<div class=\"elementor-spacer\">\n\t\t\t<div class=\"elementor-spacer-inner\"><\/div>\n\t\t<\/div>\n\t\t\t\t\t\t<\/div>\n\t\t\t\t<\/div>\n\t\t\t\t\t<\/div>\n\t\t<\/div>\n\t\t\t\t\t<\/div>\n\t\t<\/section>\n\t\t\t\t<section class=\"elementor-section elementor-top-section elementor-element elementor-element-e757bfe elementor-section-boxed elementor-section-height-default elementor-section-height-default\" data-id=\"e757bfe\" data-element_type=\"section\" data-e-type=\"section\">\n\t\t\t\t\t\t<div class=\"elementor-container elementor-column-gap-no\">\n\t\t\t\t\t<div class=\"elementor-column elementor-col-100 elementor-top-column elementor-element elementor-element-7f6e5cb\" data-id=\"7f6e5cb\" data-element_type=\"column\" data-e-type=\"column\">\n\t\t\t<div class=\"elementor-widget-wrap elementor-element-populated\">\n\t\t\t\t\t\t<div class=\"elementor-element elementor-element-2b3f398 elementor-widget elementor-widget-image\" data-id=\"2b3f398\" data-element_type=\"widget\" data-e-type=\"widget\" data-widget_type=\"image.default\">\n\t\t\t\t<div class=\"elementor-widget-container\">\n\t\t\t\t\t\t\t\t\t\t\t\t\t\t\t<img loading=\"lazy\" decoding=\"async\" width=\"2500\" height=\"1667\" src=\"https:\/\/schaffry.de\/wp-content\/uploads\/2024\/07\/fotograf-tegernsee.jpg\" class=\"attachment-full size-full wp-image-15510\" alt=\"\" srcset=\"https:\/\/schaffry.de\/wp-content\/uploads\/2024\/07\/fotograf-tegernsee.jpg 2500w, https:\/\/schaffry.de\/wp-content\/uploads\/2024\/07\/fotograf-tegernsee-300x200.jpg 300w, https:\/\/schaffry.de\/wp-content\/uploads\/2024\/07\/fotograf-tegernsee-1024x683.jpg 1024w, https:\/\/schaffry.de\/wp-content\/uploads\/2024\/07\/fotograf-tegernsee-768x512.jpg 768w, https:\/\/schaffry.de\/wp-content\/uploads\/2024\/07\/fotograf-tegernsee-1536x1024.jpg 1536w, https:\/\/schaffry.de\/wp-content\/uploads\/2024\/07\/fotograf-tegernsee-2048x1366.jpg 2048w, https:\/\/schaffry.de\/wp-content\/uploads\/2024\/07\/fotograf-tegernsee-1400x934.jpg 1400w, https:\/\/schaffry.de\/wp-content\/uploads\/2024\/07\/fotograf-tegernsee-800x533.jpg 800w\" sizes=\"(max-width: 2500px) 100vw, 2500px\" \/>\t\t\t\t\t\t\t\t\t\t\t\t\t\t\t<\/div>\n\t\t\t\t<\/div>\n\t\t\t\t\t<\/div>\n\t\t<\/div>\n\t\t\t\t\t<\/div>\n\t\t<\/section>\n\t\t\t\t<section class=\"elementor-section elementor-top-section elementor-element elementor-element-7e19b4c elementor-section-content-middle elementor-section-boxed elementor-section-height-default elementor-section-height-default\" data-id=\"7e19b4c\" data-element_type=\"section\" data-e-type=\"section\">\n\t\t\t\t\t\t<div class=\"elementor-container elementor-column-gap-no\">\n\t\t\t\t\t<div class=\"elementor-column elementor-col-100 elementor-top-column elementor-element elementor-element-66049fd\" data-id=\"66049fd\" data-element_type=\"column\" data-e-type=\"column\">\n\t\t\t<div class=\"elementor-widget-wrap elementor-element-populated\">\n\t\t\t\t\t\t<div class=\"elementor-element elementor-element-3fc131f elementor-widget elementor-widget-heading\" data-id=\"3fc131f\" data-element_type=\"widget\" data-e-type=\"widget\" data-widget_type=\"heading.default\">\n\t\t\t\t<div class=\"elementor-widget-container\">\n\t\t\t\t\t<h3 class=\"elementor-heading-title elementor-size-default\">Paarshootings<\/h3>\t\t\t\t<\/div>\n\t\t\t\t<\/div>\n\t\t\t\t<section class=\"elementor-section elementor-inner-section elementor-element elementor-element-f60ecf4 elementor-section-boxed elementor-section-height-default elementor-section-height-default\" data-id=\"f60ecf4\" data-element_type=\"section\" data-e-type=\"section\">\n\t\t\t\t\t\t<div class=\"elementor-container elementor-column-gap-default\">\n\t\t\t\t\t<div class=\"elementor-column elementor-col-33 elementor-inner-column elementor-element elementor-element-b90d604\" data-id=\"b90d604\" data-element_type=\"column\" data-e-type=\"column\" data-settings=\"{&quot;background_background&quot;:&quot;classic&quot;}\">\n\t\t\t<div class=\"elementor-widget-wrap\">\n\t\t\t\t\t\t\t<\/div>\n\t\t<\/div>\n\t\t\t\t<div class=\"elementor-column elementor-col-33 elementor-inner-column elementor-element elementor-element-4835a93\" data-id=\"4835a93\" data-element_type=\"column\" data-e-type=\"column\" data-settings=\"{&quot;background_background&quot;:&quot;classic&quot;}\">\n\t\t\t<div class=\"elementor-widget-wrap elementor-element-populated\">\n\t\t\t\t\t\t<div class=\"elementor-element elementor-element-1d42665 featured-pricing-no elementor-widget elementor-widget-pricing-services\" data-id=\"1d42665\" data-element_type=\"widget\" data-e-type=\"widget\" data-widget_type=\"pricing-services.default\">\n\t\t\t\t<div class=\"elementor-widget-container\">\n\t\t\t\t\t<div class=\"pricing-table pricing-table-service clearfix\"><div class=\"pricing-column-target column1 \"><div class=\"pricing-column-type-1 pricing-column\"><div class=\"pricing-header\"><div class=\"pricing-title\"><h2>2 Stunden<\/h2><\/div><div class=\"pricing-section\"><div class=\"pricing-wrap\"><div class=\"pricing-cell\"><span class=\"pricing-currency\">\u20ac<\/span>950<span class=\"pricing-suffix\"><\/span><\/div><div class=\"pricing-duration\"><\/div><\/div><\/div><\/div><ul><li class=\"pricing-service\"><p>Fixpreis (inkl.MwSt.)<\/p>\n<\/li> <\/ul><div class=\"pricing-button-wrap\"><\/div><\/div><\/div><\/div>\t\t\t\t<\/div>\n\t\t\t\t<\/div>\n\t\t\t\t\t<\/div>\n\t\t<\/div>\n\t\t\t\t<div class=\"elementor-column elementor-col-33 elementor-inner-column elementor-element elementor-element-7794c20\" data-id=\"7794c20\" data-element_type=\"column\" data-e-type=\"column\" data-settings=\"{&quot;background_background&quot;:&quot;classic&quot;}\">\n\t\t\t<div class=\"elementor-widget-wrap\">\n\t\t\t\t\t\t\t<\/div>\n\t\t<\/div>\n\t\t\t\t\t<\/div>\n\t\t<\/section>\n\t\t\t\t\t<\/div>\n\t\t<\/div>\n\t\t\t\t\t<\/div>\n\t\t<\/section>\n\t\t\t\t<section class=\"elementor-section elementor-top-section elementor-element elementor-element-6529f5e elementor-section-boxed elementor-section-height-default elementor-section-height-default\" data-id=\"6529f5e\" data-element_type=\"section\" data-e-type=\"section\">\n\t\t\t\t\t\t<div class=\"elementor-container elementor-column-gap-default\">\n\t\t\t\t\t<div class=\"elementor-column elementor-col-100 elementor-top-column elementor-element elementor-element-757f8c7\" data-id=\"757f8c7\" data-element_type=\"column\" data-e-type=\"column\">\n\t\t\t<div class=\"elementor-widget-wrap elementor-element-populated\">\n\t\t\t\t\t\t<div class=\"elementor-element elementor-element-ee5c12d elementor-widget elementor-widget-text-editor\" data-id=\"ee5c12d\" data-element_type=\"widget\" data-e-type=\"widget\" data-widget_type=\"text-editor.default\">\n\t\t\t\t<div class=\"elementor-widget-container\">\n\t\t\t\t\t\t\t\t\t<p>Hochzeitsportr\u00e4ts<strong> und <\/strong>Paarshootings<strong> sind sozusagen das Herzst\u00fcck meiner Arbeit- und meine gro\u00dfe Leidenschaft.<\/strong><\/p><p><strong>F\u00fcr k\u00fcnstlerische Fotoshootings nehmen wir uns die Zeit, um an verschiedenen Locations zu fotografieren und mit externen Lichtquellen zu arbeiten. F\u00fcr Paarshootings berechne ich einen Fixpreis, unabh\u00e4ngig davon wie lange wir fotografieren. Meist sind 2-2,5 Stunden ein ganz guter Richtwert. Hier steht mehr die Idee und die Art der Umsetzung im Vordergrund. Je nach Lichtverh\u00e4ltnissen setze ich verschiedene portable Lichtquellen ein, um das nat\u00fcrliche Licht zu betonen oder besondere Akzente zu setzen.<\/strong><\/p><p><strong>Der <\/strong>Leistungsumfang<strong> und die <\/strong>Zahlungsmodalit\u00e4ten<strong> sind wie bei Hochzeiten (siehe oben).<\/strong><\/p>\t\t\t\t\t\t\t\t<\/div>\n\t\t\t\t<\/div>\n\t\t\t\t\t<\/div>\n\t\t<\/div>\n\t\t\t\t\t<\/div>\n\t\t<\/section>\n\t\t\t\t<section class=\"elementor-section elementor-top-section elementor-element elementor-element-26fa478 elementor-section-boxed elementor-section-height-default elementor-section-height-default\" data-id=\"26fa478\" data-element_type=\"section\" data-e-type=\"section\">\n\t\t\t\t\t\t<div class=\"elementor-container elementor-column-gap-default\">\n\t\t\t\t\t<div class=\"elementor-column elementor-col-50 elementor-top-column elementor-element elementor-element-03c6397\" data-id=\"03c6397\" data-element_type=\"column\" data-e-type=\"column\">\n\t\t\t<div class=\"elementor-widget-wrap elementor-element-populated\">\n\t\t\t\t\t\t<div class=\"elementor-element elementor-element-328ed2c elementor-widget elementor-widget-image\" data-id=\"328ed2c\" data-element_type=\"widget\" data-e-type=\"widget\" data-widget_type=\"image.default\">\n\t\t\t\t<div class=\"elementor-widget-container\">\n\t\t\t\t\t\t\t\t\t\t\t\t\t\t\t<img loading=\"lazy\" decoding=\"async\" width=\"683\" height=\"1024\" src=\"https:\/\/schaffry.de\/wp-content\/uploads\/2024\/09\/summer-love-012-683x1024.jpg\" class=\"attachment-large size-large wp-image-16033\" alt=\"\" srcset=\"https:\/\/schaffry.de\/wp-content\/uploads\/2024\/09\/summer-love-012-683x1024.jpg 683w, https:\/\/schaffry.de\/wp-content\/uploads\/2024\/09\/summer-love-012-200x300.jpg 200w, https:\/\/schaffry.de\/wp-content\/uploads\/2024\/09\/summer-love-012-768x1152.jpg 768w, https:\/\/schaffry.de\/wp-content\/uploads\/2024\/09\/summer-love-012-1024x1536.jpg 1024w, https:\/\/schaffry.de\/wp-content\/uploads\/2024\/09\/summer-love-012-1365x2048.jpg 1365w, https:\/\/schaffry.de\/wp-content\/uploads\/2024\/09\/summer-love-012-1400x2100.jpg 1400w, https:\/\/schaffry.de\/wp-content\/uploads\/2024\/09\/summer-love-012-800x1200.jpg 800w, https:\/\/schaffry.de\/wp-content\/uploads\/2024\/09\/summer-love-012.jpg 1700w\" sizes=\"(max-width: 683px) 100vw, 683px\" \/>\t\t\t\t\t\t\t\t\t\t\t\t\t\t\t<\/div>\n\t\t\t\t<\/div>\n\t\t\t\t\t<\/div>\n\t\t<\/div>\n\t\t\t\t<div class=\"elementor-column elementor-col-50 elementor-top-column elementor-element elementor-element-52af07c\" data-id=\"52af07c\" data-element_type=\"column\" data-e-type=\"column\">\n\t\t\t<div class=\"elementor-widget-wrap elementor-element-populated\">\n\t\t\t\t\t\t<div class=\"elementor-element elementor-element-99fe285 elementor-widget elementor-widget-image\" data-id=\"99fe285\" data-element_type=\"widget\" data-e-type=\"widget\" data-widget_type=\"image.default\">\n\t\t\t\t<div class=\"elementor-widget-container\">\n\t\t\t\t\t\t\t\t\t\t\t\t\t\t\t<img loading=\"lazy\" decoding=\"async\" width=\"683\" height=\"1024\" src=\"https:\/\/schaffry.de\/wp-content\/uploads\/2024\/09\/paarshooting-tegernsee-054-683x1024.jpg\" class=\"attachment-large size-large wp-image-16035\" alt=\"\" srcset=\"https:\/\/schaffry.de\/wp-content\/uploads\/2024\/09\/paarshooting-tegernsee-054-683x1024.jpg 683w, https:\/\/schaffry.de\/wp-content\/uploads\/2024\/09\/paarshooting-tegernsee-054-200x300.jpg 200w, https:\/\/schaffry.de\/wp-content\/uploads\/2024\/09\/paarshooting-tegernsee-054-768x1152.jpg 768w, https:\/\/schaffry.de\/wp-content\/uploads\/2024\/09\/paarshooting-tegernsee-054-1024x1536.jpg 1024w, https:\/\/schaffry.de\/wp-content\/uploads\/2024\/09\/paarshooting-tegernsee-054-1365x2048.jpg 1365w, https:\/\/schaffry.de\/wp-content\/uploads\/2024\/09\/paarshooting-tegernsee-054-1400x2100.jpg 1400w, https:\/\/schaffry.de\/wp-content\/uploads\/2024\/09\/paarshooting-tegernsee-054-800x1200.jpg 800w, https:\/\/schaffry.de\/wp-content\/uploads\/2024\/09\/paarshooting-tegernsee-054.jpg 1700w\" sizes=\"(max-width: 683px) 100vw, 683px\" \/>\t\t\t\t\t\t\t\t\t\t\t\t\t\t\t<\/div>\n\t\t\t\t<\/div>\n\t\t\t\t\t<\/div>\n\t\t<\/div>\n\t\t\t\t\t<\/div>\n\t\t<\/section>\n\t\t\t\t<\/div>\n\t\t","protected":false},"excerpt":{"rendered":"<p>Preise 2025 Hochzeiten 2 Stunden \u20ac1050 Jede weitere Stunde Fotografie vor Ort \u20ac 350,00 (inkl.MwSt.) 4 Stunden \u20ac1750 Jede weitere Stunde Fotografie vor Ort \u20ac 300,00 (inkl.MwSt.) 6 Stunden \u20ac2350 Jede weitere Stunde Fotografie vor Ort \u20ac 300,00 (inkl.MwSt.) Alle Preise beinhalten folgende Leistungen: Meine Leistung vor Ort. Die angegebenen Zeiten sind effektive Arbeitszeiten. Alle Bilder werden von mir pers\u00f6nlich ausgew\u00e4hlt und bearbeitet. Ich lege sehr viel Wert auf die Nachbearbeitung der Fotos, denn sie ist das Kernst\u00fcck der k\u00fcnstlerischen [&hellip;]<\/p>\n","protected":false},"author":1,"featured_media":15637,"parent":0,"menu_order":0,"comment_status":"closed","ping_status":"closed","template":"","meta":{"footnotes":""},"class_list":["post-16008","page","type-page","status-publish","has-post-thumbnail","hentry"],"yoast_head":"<!-- This site is optimized with the Yoast SEO plugin v27.3 - https:\/\/yoast.com\/product\/yoast-seo-wordpress\/ -->\n<title>Preise 2026 - Exklusive Hochzeitsfotografie Tegernsee<\/title>\n<meta name=\"robots\" content=\"index, follow, max-snippet:-1, max-image-preview:large, max-video-preview:-1\" \/>\n<link rel=\"canonical\" href=\"https:\/\/schaffry.de\/it\/preise-2026\/\" \/>\n<meta property=\"og:locale\" content=\"it_IT\" \/>\n<meta property=\"og:type\" content=\"article\" \/>\n<meta property=\"og:title\" content=\"Preise 2026 - Exklusive Hochzeitsfotografie Tegernsee\" \/>\n<meta property=\"og:description\" content=\"Preise 2025 Hochzeiten 2 Stunden \u20ac1050 Jede weitere Stunde Fotografie vor Ort \u20ac 350,00 (inkl.MwSt.) 4 Stunden \u20ac1750 Jede weitere Stunde Fotografie vor Ort \u20ac 300,00 (inkl.MwSt.) 6 Stunden \u20ac2350 Jede weitere Stunde Fotografie vor Ort \u20ac 300,00 (inkl.MwSt.) Alle Preise beinhalten folgende Leistungen: Meine Leistung vor Ort. Die angegebenen Zeiten sind effektive Arbeitszeiten. Alle Bilder werden von mir pers\u00f6nlich ausgew\u00e4hlt und bearbeitet. Ich lege sehr viel Wert auf die Nachbearbeitung der Fotos, denn sie ist das Kernst\u00fcck der k\u00fcnstlerischen [&hellip;]\" \/>\n<meta property=\"og:url\" content=\"https:\/\/schaffry.de\/it\/preise-2026\/\" \/>\n<meta property=\"og:site_name\" content=\"Exklusive Hochzeitsfotografie Tegernsee\" \/>\n<meta property=\"article:modified_time\" content=\"2026-03-14T10:14:12+00:00\" \/>\n<meta property=\"og:image\" content=\"https:\/\/schaffry.de\/wp-content\/uploads\/2024\/09\/hochzeitsfotograf-terassenhof.jpg\" \/>\n\t<meta property=\"og:image:width\" content=\"2500\" \/>\n\t<meta property=\"og:image:height\" content=\"1667\" \/>\n\t<meta property=\"og:image:type\" content=\"image\/jpeg\" \/>\n<meta name=\"twitter:card\" content=\"summary_large_image\" \/>\n<meta name=\"twitter:label1\" content=\"Tempo di lettura stimato\" \/>\n\t<meta name=\"twitter:data1\" content=\"4 minuti\" \/>\n<script type=\"application\/ld+json\" class=\"yoast-schema-graph\">{\"@context\":\"https:\\\/\\\/schema.org\",\"@graph\":[{\"@type\":\"WebPage\",\"@id\":\"https:\\\/\\\/schaffry.de\\\/it\\\/preise-2026\\\/\",\"url\":\"https:\\\/\\\/schaffry.de\\\/it\\\/preise-2026\\\/\",\"name\":\"Preise 2026 - Exklusive Hochzeitsfotografie Tegernsee\",\"isPartOf\":{\"@id\":\"https:\\\/\\\/schaffry.de\\\/it\\\/#website\"},\"primaryImageOfPage\":{\"@id\":\"https:\\\/\\\/schaffry.de\\\/it\\\/preise-2026\\\/#primaryimage\"},\"image\":{\"@id\":\"https:\\\/\\\/schaffry.de\\\/it\\\/preise-2026\\\/#primaryimage\"},\"thumbnailUrl\":\"https:\\\/\\\/schaffry.de\\\/wp-content\\\/uploads\\\/2024\\\/09\\\/hochzeitsfotograf-terassenhof.jpg\",\"datePublished\":\"2024-09-26T12:46:20+00:00\",\"dateModified\":\"2026-03-14T10:14:12+00:00\",\"breadcrumb\":{\"@id\":\"https:\\\/\\\/schaffry.de\\\/it\\\/preise-2026\\\/#breadcrumb\"},\"inLanguage\":\"it-IT\",\"potentialAction\":[{\"@type\":\"ReadAction\",\"target\":[\"https:\\\/\\\/schaffry.de\\\/it\\\/preise-2026\\\/\"]}]},{\"@type\":\"ImageObject\",\"inLanguage\":\"it-IT\",\"@id\":\"https:\\\/\\\/schaffry.de\\\/it\\\/preise-2026\\\/#primaryimage\",\"url\":\"https:\\\/\\\/schaffry.de\\\/wp-content\\\/uploads\\\/2024\\\/09\\\/hochzeitsfotograf-terassenhof.jpg\",\"contentUrl\":\"https:\\\/\\\/schaffry.de\\\/wp-content\\\/uploads\\\/2024\\\/09\\\/hochzeitsfotograf-terassenhof.jpg\",\"width\":2500,\"height\":1667,\"caption\":\"Fotograf im Tegernseer Tal f\u00fcr Hochzeiten\"},{\"@type\":\"BreadcrumbList\",\"@id\":\"https:\\\/\\\/schaffry.de\\\/it\\\/preise-2026\\\/#breadcrumb\",\"itemListElement\":[{\"@type\":\"ListItem\",\"position\":1,\"name\":\"Startseite\",\"item\":\"https:\\\/\\\/schaffry.de\\\/it\\\/fotografia-di-matrimonio\\\/\"},{\"@type\":\"ListItem\",\"position\":2,\"name\":\"Preise 2026\"}]},{\"@type\":\"WebSite\",\"@id\":\"https:\\\/\\\/schaffry.de\\\/it\\\/#website\",\"url\":\"https:\\\/\\\/schaffry.de\\\/it\\\/\",\"name\":\"Exklusive Hochzeitsfotografie Tegernsee\",\"description\":\"Exklusive Hochzeitsfotografie am Tegernsee und weltweit. Zeitlos. Kunstvoll. Echt.\",\"publisher\":{\"@id\":\"https:\\\/\\\/schaffry.de\\\/it\\\/#\\\/schema\\\/person\\\/88f53a76c6f392a61b377661ad7d319b\"},\"potentialAction\":[{\"@type\":\"SearchAction\",\"target\":{\"@type\":\"EntryPoint\",\"urlTemplate\":\"https:\\\/\\\/schaffry.de\\\/it\\\/?s={search_term_string}\"},\"query-input\":{\"@type\":\"PropertyValueSpecification\",\"valueRequired\":true,\"valueName\":\"search_term_string\"}}],\"inLanguage\":\"it-IT\"},{\"@type\":[\"Person\",\"Organization\"],\"@id\":\"https:\\\/\\\/schaffry.de\\\/it\\\/#\\\/schema\\\/person\\\/88f53a76c6f392a61b377661ad7d319b\",\"name\":\"Susanna Schaffry\",\"image\":{\"@type\":\"ImageObject\",\"inLanguage\":\"it-IT\",\"@id\":\"https:\\\/\\\/schaffry.de\\\/wp-content\\\/uploads\\\/2023\\\/02\\\/hochzeitsfotograf-muenchen.png\",\"url\":\"https:\\\/\\\/schaffry.de\\\/wp-content\\\/uploads\\\/2023\\\/02\\\/hochzeitsfotograf-muenchen.png\",\"contentUrl\":\"https:\\\/\\\/schaffry.de\\\/wp-content\\\/uploads\\\/2023\\\/02\\\/hochzeitsfotograf-muenchen.png\",\"width\":900,\"height\":350,\"caption\":\"Susanna Schaffry\"},\"logo\":{\"@id\":\"https:\\\/\\\/schaffry.de\\\/wp-content\\\/uploads\\\/2023\\\/02\\\/hochzeitsfotograf-muenchen.png\"},\"sameAs\":[\"https:\\\/\\\/schaffry.de\",\"https:\\\/\\\/www.instagram.com\\\/susannaschaffry\\\/\"]}]}<\/script>\n<!-- \/ Yoast SEO plugin. -->","yoast_head_json":{"title":"Preise 2026 - Exklusive Hochzeitsfotografie Tegernsee","robots":{"index":"index","follow":"follow","max-snippet":"max-snippet:-1","max-image-preview":"max-image-preview:large","max-video-preview":"max-video-preview:-1"},"canonical":"https:\/\/schaffry.de\/it\/preise-2026\/","og_locale":"it_IT","og_type":"article","og_title":"Preise 2026 - Exklusive Hochzeitsfotografie Tegernsee","og_description":"Preise 2025 Hochzeiten 2 Stunden \u20ac1050 Jede weitere Stunde Fotografie vor Ort \u20ac 350,00 (inkl.MwSt.) 4 Stunden \u20ac1750 Jede weitere Stunde Fotografie vor Ort \u20ac 300,00 (inkl.MwSt.) 6 Stunden \u20ac2350 Jede weitere Stunde Fotografie vor Ort \u20ac 300,00 (inkl.MwSt.) Alle Preise beinhalten folgende Leistungen: Meine Leistung vor Ort. Die angegebenen Zeiten sind effektive Arbeitszeiten. Alle Bilder werden von mir pers\u00f6nlich ausgew\u00e4hlt und bearbeitet. Ich lege sehr viel Wert auf die Nachbearbeitung der Fotos, denn sie ist das Kernst\u00fcck der k\u00fcnstlerischen [&hellip;]","og_url":"https:\/\/schaffry.de\/it\/preise-2026\/","og_site_name":"Exklusive Hochzeitsfotografie Tegernsee","article_modified_time":"2026-03-14T10:14:12+00:00","og_image":[{"width":2500,"height":1667,"url":"https:\/\/schaffry.de\/wp-content\/uploads\/2024\/09\/hochzeitsfotograf-terassenhof.jpg","type":"image\/jpeg"}],"twitter_card":"summary_large_image","twitter_misc":{"Tempo di lettura stimato":"4 minuti"},"schema":{"@context":"https:\/\/schema.org","@graph":[{"@type":"WebPage","@id":"https:\/\/schaffry.de\/it\/preise-2026\/","url":"https:\/\/schaffry.de\/it\/preise-2026\/","name":"Preise 2026 - Exklusive Hochzeitsfotografie Tegernsee","isPartOf":{"@id":"https:\/\/schaffry.de\/it\/#website"},"primaryImageOfPage":{"@id":"https:\/\/schaffry.de\/it\/preise-2026\/#primaryimage"},"image":{"@id":"https:\/\/schaffry.de\/it\/preise-2026\/#primaryimage"},"thumbnailUrl":"https:\/\/schaffry.de\/wp-content\/uploads\/2024\/09\/hochzeitsfotograf-terassenhof.jpg","datePublished":"2024-09-26T12:46:20+00:00","dateModified":"2026-03-14T10:14:12+00:00","breadcrumb":{"@id":"https:\/\/schaffry.de\/it\/preise-2026\/#breadcrumb"},"inLanguage":"it-IT","potentialAction":[{"@type":"ReadAction","target":["https:\/\/schaffry.de\/it\/preise-2026\/"]}]},{"@type":"ImageObject","inLanguage":"it-IT","@id":"https:\/\/schaffry.de\/it\/preise-2026\/#primaryimage","url":"https:\/\/schaffry.de\/wp-content\/uploads\/2024\/09\/hochzeitsfotograf-terassenhof.jpg","contentUrl":"https:\/\/schaffry.de\/wp-content\/uploads\/2024\/09\/hochzeitsfotograf-terassenhof.jpg","width":2500,"height":1667,"caption":"Fotograf im Tegernseer Tal f\u00fcr Hochzeiten"},{"@type":"BreadcrumbList","@id":"https:\/\/schaffry.de\/it\/preise-2026\/#breadcrumb","itemListElement":[{"@type":"ListItem","position":1,"name":"Startseite","item":"https:\/\/schaffry.de\/it\/fotografia-di-matrimonio\/"},{"@type":"ListItem","position":2,"name":"Preise 2026"}]},{"@type":"WebSite","@id":"https:\/\/schaffry.de\/it\/#website","url":"https:\/\/schaffry.de\/it\/","name":"Exklusive Hochzeitsfotografie Tegernsee","description":"Exklusive Hochzeitsfotografie am Tegernsee und weltweit. Zeitlos. Kunstvoll. Echt.","publisher":{"@id":"https:\/\/schaffry.de\/it\/#\/schema\/person\/88f53a76c6f392a61b377661ad7d319b"},"potentialAction":[{"@type":"SearchAction","target":{"@type":"EntryPoint","urlTemplate":"https:\/\/schaffry.de\/it\/?s={search_term_string}"},"query-input":{"@type":"PropertyValueSpecification","valueRequired":true,"valueName":"search_term_string"}}],"inLanguage":"it-IT"},{"@type":["Person","Organization"],"@id":"https:\/\/schaffry.de\/it\/#\/schema\/person\/88f53a76c6f392a61b377661ad7d319b","name":"Susanna Schaffry","image":{"@type":"ImageObject","inLanguage":"it-IT","@id":"https:\/\/schaffry.de\/wp-content\/uploads\/2023\/02\/hochzeitsfotograf-muenchen.png","url":"https:\/\/schaffry.de\/wp-content\/uploads\/2023\/02\/hochzeitsfotograf-muenchen.png","contentUrl":"https:\/\/schaffry.de\/wp-content\/uploads\/2023\/02\/hochzeitsfotograf-muenchen.png","width":900,"height":350,"caption":"Susanna Schaffry"},"logo":{"@id":"https:\/\/schaffry.de\/wp-content\/uploads\/2023\/02\/hochzeitsfotograf-muenchen.png"},"sameAs":["https:\/\/schaffry.de","https:\/\/www.instagram.com\/susannaschaffry\/"]}]}},"_links":{"self":[{"href":"https:\/\/schaffry.de\/it\/wp-json\/wp\/v2\/pages\/16008","targetHints":{"allow":["GET"]}}],"collection":[{"href":"https:\/\/schaffry.de\/it\/wp-json\/wp\/v2\/pages"}],"about":[{"href":"https:\/\/schaffry.de\/it\/wp-json\/wp\/v2\/types\/page"}],"author":[{"embeddable":true,"href":"https:\/\/schaffry.de\/it\/wp-json\/wp\/v2\/users\/1"}],"replies":[{"embeddable":true,"href":"https:\/\/schaffry.de\/it\/wp-json\/wp\/v2\/comments?post=16008"}],"version-history":[{"count":11,"href":"https:\/\/schaffry.de\/it\/wp-json\/wp\/v2\/pages\/16008\/revisions"}],"predecessor-version":[{"id":32461,"href":"https:\/\/schaffry.de\/it\/wp-json\/wp\/v2\/pages\/16008\/revisions\/32461"}],"wp:featuredmedia":[{"embeddable":true,"href":"https:\/\/schaffry.de\/it\/wp-json\/wp\/v2\/media\/15637"}],"wp:attachment":[{"href":"https:\/\/schaffry.de\/it\/wp-json\/wp\/v2\/media?parent=16008"}],"curies":[{"name":"wp","href":"https:\/\/api.w.org\/{rel}","templated":true}]}}